{"id":278,"date":"2017-04-28T08:25:14","date_gmt":"2017-04-28T08:25:14","guid":{"rendered":"http:\/\/wp1.stein-fischer.de\/?page_id=278"},"modified":"2025-03-11T14:41:08","modified_gmt":"2025-03-11T13:41:08","slug":"alte-bibliothek-kommode-juristische-fakultaet","status":"publish","type":"page","link":"https:\/\/stein-fischer.de\/?page_id=278","title":{"rendered":"Alte Bibliothek &#8211; Kommode- Juristische Fakult\u00e4t"},"content":{"rendered":"<div id=\"pl-278\" class=\"panel-layout\">\n<div id=\"pg-278-0\" class=\"panel-grid panel-no-style\" data-style=\"{&quot;background_display&quot;:&quot;tile&quot;,&quot;cell_alignment&quot;:&quot;flex-start&quot;}\">\n<div id=\"pgc-278-0-0\" class=\"panel-grid-cell\" data-weight=\"1\">\n<div id=\"panel-278-0-0-0\" class=\"so-panel widget widget_metaslider_widget panel-first-child panel-last-child\" data-index=\"0\" data-style=\"{&quot;widget_css&quot;:&quot;max-width:800px;\\nmargin:0 auto;&quot;,&quot;background_display&quot;:&quot;tile&quot;}\">\n<div class=\"panel-widget-style panel-widget-style-for-278-0-0-0\"><div id=\"metaslider-id-284\" style=\"max-width: 800px;\" class=\"ml-slider-3-96-0 metaslider metaslider-flex metaslider-284 ml-slider ms-theme-default\" role=\"region\" aria-roledescription=\"Slideshow\" aria-label=\"Alte Kommode\">\n    <div id=\"metaslider_container_284\">\n        <div id=\"metaslider_284\">\n            <ul class='slides'>\n                <li style=\"display: block; width: 100%;\" class=\"slide-285 ms-image \" aria-roledescription=\"slide\" aria-label=\"slide-285\" data-date=\"2017-04-28 08:45:48\"><img loading=\"lazy\" decoding=\"async\" src=\"https:\/\/stein-fischer.de\/wp-content\/uploads\/2017\/04\/1-4-708x531.jpg\" height=\"600\" width=\"800\" alt=\"\" class=\"slider-284 slide-285\" \/><\/li>\n                <li style=\"display: none; width: 100%;\" class=\"slide-286 ms-image \" aria-roledescription=\"slide\" aria-label=\"slide-286\" data-date=\"2017-04-28 08:45:57\"><img loading=\"lazy\" decoding=\"async\" src=\"https:\/\/stein-fischer.de\/wp-content\/uploads\/2017\/04\/5-4-708x531.jpg\" height=\"600\" width=\"800\" alt=\"\" class=\"slider-284 slide-286\" \/><\/li>\n                <li style=\"display: none; width: 100%;\" class=\"slide-287 ms-image \" aria-roledescription=\"slide\" aria-label=\"slide-287\" data-date=\"2017-04-28 08:46:08\"><img loading=\"lazy\" decoding=\"async\" src=\"https:\/\/stein-fischer.de\/wp-content\/uploads\/2017\/04\/2-4-745x559.jpg\" height=\"600\" width=\"800\" alt=\"\" class=\"slider-284 slide-287\" \/><\/li>\n                <li style=\"display: none; width: 100%;\" class=\"slide-288 ms-image \" aria-roledescription=\"slide\" aria-label=\"slide-288\" data-date=\"2017-04-28 08:46:19\"><img loading=\"lazy\" decoding=\"async\" src=\"https:\/\/stein-fischer.de\/wp-content\/uploads\/2017\/04\/4-4-713x535.jpg\" height=\"600\" width=\"800\" alt=\"\" class=\"slider-284 slide-288\" \/><\/li>\n                <li style=\"display: none; width: 100%;\" class=\"slide-289 ms-image \" aria-roledescription=\"slide\" aria-label=\"slide-289\" data-date=\"2017-04-28 08:46:28\"><img loading=\"lazy\" decoding=\"async\" src=\"https:\/\/stein-fischer.de\/wp-content\/uploads\/2017\/04\/3-4-730x548.jpg\" height=\"600\" width=\"800\" alt=\"\" class=\"slider-284 slide-289\" \/><\/li>\n                <li style=\"display: none; width: 100%;\" class=\"slide-290 ms-image \" aria-roledescription=\"slide\" aria-label=\"slide-290\" data-date=\"2017-04-28 08:46:41\"><img loading=\"lazy\" decoding=\"async\" src=\"https:\/\/stein-fischer.de\/wp-content\/uploads\/2017\/04\/8-2-578x434.jpg\" height=\"600\" width=\"800\" alt=\"\" class=\"slider-284 slide-290\" \/><\/li>\n                <li style=\"display: none; width: 100%;\" class=\"slide-291 ms-image \" aria-roledescription=\"slide\" aria-label=\"slide-291\" data-date=\"2017-04-28 08:46:47\"><img loading=\"lazy\" decoding=\"async\" src=\"https:\/\/stein-fischer.de\/wp-content\/uploads\/2017\/04\/7-2-704x528.jpg\" height=\"600\" width=\"800\" alt=\"\" class=\"slider-284 slide-291\" \/><\/li>\n                <li style=\"display: none; width: 100%;\" class=\"slide-292 ms-image \" aria-roledescription=\"slide\" aria-label=\"slide-292\" data-date=\"2017-04-28 08:46:59\"><img loading=\"lazy\" decoding=\"async\" src=\"https:\/\/stein-fischer.de\/wp-content\/uploads\/2017\/04\/9-1-571x428.jpg\" height=\"600\" width=\"800\" alt=\"\" class=\"slider-284 slide-292\" \/><\/li>\n                <li style=\"display: none; width: 100%;\" class=\"slide-293 ms-image \" aria-roledescription=\"slide\" aria-label=\"slide-293\" data-date=\"2017-04-28 08:47:19\"><img loading=\"lazy\" decoding=\"async\" src=\"https:\/\/stein-fischer.de\/wp-content\/uploads\/2017\/04\/6-3-713x535.jpg\" height=\"600\" width=\"800\" alt=\"\" class=\"slider-284 slide-293\" \/><\/li>\n            <\/ul>\n        <\/div>\n        \n    <\/div>\n<\/div><\/div>\n<\/div>\n<\/div>\n<\/div>\n<div id=\"pg-278-1\" class=\"panel-grid panel-no-style\" data-style=\"{&quot;background_display&quot;:&quot;tile&quot;,&quot;cell_alignment&quot;:&quot;flex-start&quot;}\">\n<div id=\"pgc-278-1-0\" class=\"panel-grid-cell\" data-weight=\"1\">\n<div id=\"panel-278-1-0-0\" class=\"so-panel widget widget_text panel-first-child\" data-index=\"1\" data-style=\"{&quot;widget_css&quot;:&quot;max-width:800px;\\nmargin:0 auto;&quot;,&quot;background_display&quot;:&quot;tile&quot;}\">\n<div class=\"panel-widget-style panel-widget-style-for-278-1-0-0\">\n<div class=\"textwidget\">\n<p>Bebelplatz 2, 10117 Berlin<\/p>\n<p><strong>Denkmalart: Baudenkmal,<\/strong> erbaut 1775 bis 1780 von Georg Friedrich Boumann nach Pl\u00e4nen von Georg Christian Unger, durch die geschwungene Form wird die Alte Bibliothek im Berliner Volksmund als \u201eKommode\u201c bezeichnet.<\/p>\n<p>Der s\u00fcdliche Eckrisalit wurde im zweiten Weltkrieg durch Bomben schwer besch\u00e4digt. 1945 brannte das Geb\u00e4ude bis auf die Umfassungsmauern aus.<\/p>\n<p>1963 bis 1969 wurde unter der Leitung von Werner K\u00f6tteritzsch die Platzfassade rekonstruiert. Seit der Fertigstellung, innen durch nachgearbeiteten Wandschmuck sowie Figuren, wird der Sitz als juristische Fakult\u00e4t der Humboldt-Universit\u00e4t genutzt.<\/p>\n<p><strong>Ausgef\u00fchrte Arbeiten:<\/strong><\/p>\n<p>Mittels Niederdruck-Partikel-Trockenstrahlverfahrens wurde die vollst\u00e4ndige Sandsteinfassade gereinigt. Kapitelle, Figuren und St\u00fcrze wurden mittels restauratorischen Partikelstrahlverfahrens ges\u00e4ubert. Danach wurde zur korrekten Einsch\u00e4tzung der vollst\u00e4ndigen Arbeiten eine Ma\u00dfnahmekartierung durchgef\u00fchrt. Per Bohrmehlanalysen wurden die Schadsalzbelastungen festgestellt und mit Kompressen behandelt. Ebenfalls wurden Messungen zum Wasseraufnahmeverhalten, mit einem karsten\u2019schem Pr\u00fcfrohr, durchgef\u00fchrt, um das Kapillarverhalten der unterschiedlichen Sandsteinoberfl\u00e4chen fest zu stellen. Dazu wurde noch eine energiedispersive R\u00f6ntgenanalyse durchgef\u00fchrt. Steinaustausch, Antragungen sowie Schadstellen wurden mit Restaurierm\u00f6rtel bzw. mit Steinersatzmasse bearbeitet, inkl. der Ausarbeitung und Untergrundvorbehandlung. Ebenfalls wurden denkmalsgerechte Retuschen ausgef\u00fchrt, diese auch als Sandsteinmalereien. Die Verfugung wurde vollst\u00e4ndig ausger\u00e4umt, ges\u00e4ubert und dem Altbestand entsprechen neuverfugt. W\u00e4hrend der laufenden Arbeiten wurde eine vollst\u00e4ndige Dokumentation, inkl. Fotodokumentation, erstellt.<\/p>\n<p><strong>Zusammgefasste Mengen<\/strong><\/p>\n<ul style=\"float: left;\">\n<li style=\"text-align: left;\">1.900m\u00b2 Reinigung der Fassade<\/li>\n<li style=\"text-align: left;\">19 Stk. Reinigung der Einzelfiguren<\/li>\n<li style=\"text-align: left;\">87 Stk. Reinigung von Kapitellen und St\u00fcrzen<\/li>\n<li style=\"text-align: left;\">ca. 358m\u00b2 Reinigung der Br\u00fcstung<\/li>\n<li style=\"text-align: left;\">ca. 46m\u00b2 Reinigung der Balustrade<\/li>\n<li style=\"text-align: left;\">49m\u00b2 Reduzierung Schadsalzbelastung<\/li>\n<li style=\"text-align: left;\">ca. 6.930 Stk. Antragungen und Steinaustausch\/Schadstellen<\/li>\n<li style=\"text-align: left;\">ca.16m Rissverf\u00fcllung mittels Epoxidharz-Injektagen u. Schlie\u00dfung mit Steinersatzmasse<\/li>\n<\/ul>\n<\/div>\n<\/div>\n<\/div>\n<div id=\"panel-278-1-0-1\" class=\"so-panel widget widget_text panel-last-child\" data-index=\"2\" data-style=\"{&quot;widget_css&quot;:&quot;max-width:800px;\\nmargin:0 auto;&quot;,&quot;background_image_attachment&quot;:false,&quot;background_display&quot;:&quot;tile&quot;}\">\n<div class=\"panel-widget-style panel-widget-style-for-278-1-0-1\">\n<div class=\"textwidget\"><a class=\"bttn ap-bg-bttn ap-medium-bttn ap-default-bttn ap-align-none\" href=\"http:\/\/stein-fischer.de\/#section-11\">Zur\u00fcck<\/a><\/p>\n<\/div>\n<\/div>\n<\/div>\n<\/div>\n<\/div>\n<\/div>\n","protected":false},"excerpt":{"rendered":"<p>Bebelplatz 2, 10117 Berlin Denkmalart: Baudenkmal, erbaut 1775 bis 1780 von Georg Friedrich Boumann nach Pl\u00e4nen von Georg Christian Unger, durch die geschwungene Form wird die Alte Bibliothek im Berliner Volksmund als \u201eKommode\u201c bezeichnet. Der s\u00fcdliche Eckrisalit wurde im zweiten Weltkrieg durch Bomben schwer besch\u00e4digt. 1945 brannte das Geb\u00e4ude bis auf die Umfassungsmauern aus. 1963&#8230;<\/p>\n","protected":false},"author":1,"featured_media":0,"parent":0,"menu_order":0,"comment_status":"closed","ping_status":"closed","template":"","meta":{"footnotes":""},"class_list":["post-278","page","type-page","status-publish","hentry"],"_links":{"self":[{"href":"https:\/\/stein-fischer.de\/index.php?rest_route=\/wp\/v2\/pages\/278","targetHints":{"allow":["GET"]}}],"collection":[{"href":"https:\/\/stein-fischer.de\/index.php?rest_route=\/wp\/v2\/pages"}],"about":[{"href":"https:\/\/stein-fischer.de\/index.php?rest_route=\/wp\/v2\/types\/page"}],"author":[{"embeddable":true,"href":"https:\/\/stein-fischer.de\/index.php?rest_route=\/wp\/v2\/users\/1"}],"replies":[{"embeddable":true,"href":"https:\/\/stein-fischer.de\/index.php?rest_route=%2Fwp%2Fv2%2Fcomments&post=278"}],"version-history":[{"count":25,"href":"https:\/\/stein-fischer.de\/index.php?rest_route=\/wp\/v2\/pages\/278\/revisions"}],"predecessor-version":[{"id":708,"href":"https:\/\/stein-fischer.de\/index.php?rest_route=\/wp\/v2\/pages\/278\/revisions\/708"}],"wp:attachment":[{"href":"https:\/\/stein-fischer.de\/index.php?rest_route=%2Fwp%2Fv2%2Fmedia&parent=278"}],"curies":[{"name":"wp","href":"https:\/\/api.w.org\/{rel}","templated":true}]}}